{"id":204,"date":"2021-03-08T11:35:02","date_gmt":"2021-03-08T10:35:02","guid":{"rendered":"http:\/\/olivierbrunner.org\/?page_id=204"},"modified":"2021-06-09T20:55:38","modified_gmt":"2021-06-09T18:55:38","slug":"temoignages","status":"publish","type":"page","link":"https:\/\/olivierbrunner.org\/index.php\/temoignages\/","title":{"rendered":"T\u00e9moignages"},"content":{"rendered":"\n<div class=\"wp-block-columns\">\n<div class=\"wp-block-column\" style=\"flex-basis:33.33%\">\n<figure class=\"wp-block-image size-large\"><img loading=\"lazy\" width=\"900\" height=\"450\" src=\"http:\/\/olivierbrunner.org\/wp-content\/uploads\/2021\/02\/logo-sciencespo-article.jpg\" alt=\"\" class=\"wp-image-160\" srcset=\"https:\/\/olivierbrunner.org\/wp-content\/uploads\/2021\/02\/logo-sciencespo-article.jpg 900w, https:\/\/olivierbrunner.org\/wp-content\/uploads\/2021\/02\/logo-sciencespo-article-300x150.jpg 300w, https:\/\/olivierbrunner.org\/wp-content\/uploads\/2021\/02\/logo-sciencespo-article-768x384.jpg 768w\" sizes=\"(max-width: 900px) 100vw, 900px\" \/><figcaption>Institut d&rsquo;Etudes Politiques de Saint-Germain-en-Laye<\/figcaption><\/figure>\n<\/div>\n\n\n\n<div class=\"wp-block-column\" style=\"flex-basis:66.66%\">\n<p><span style=\"text-decoration: underline;\">Coordinateur <em>Rentr\u00e9e Climat <\/em>pour 120 \u00e9tudiants de l&rsquo;Institut d&rsquo;Etudes Politiques Sciences Po Saint-Germain-en-Laye<\/span><\/p>\n\n\n\n<p><em>\u00ab\u00a0Un grand merci \u00e0 toi Olivier et f\u00e9licitations pour avoir parfaitement organis\u00e9 et mis en musique cette grande Fresque du Climat. Tu as su mobiliser une tr\u00e8s belle \u00e9quipe d&rsquo;animateurs et coordonner \u00e0 la perfection le travail de chacun. Tout s&rsquo;est parfaitement enchain\u00e9 le jour des ateliers et les \u00e9tudiants se sont tout de suite impliqu\u00e9s dans le jeu avec beaucoup de motivation. C&rsquo;est une exp\u00e9rience \u00e0 renouveler ! Merci encore.\u00a0\u00bb<\/em> &#8211; <a rel=\"noreferrer noopener\" href=\"https:\/\/www.linkedin.com\/in\/c%C3%A9cile-cros-896a1333\" target=\"_blank\">C\u00e9cile Cros<\/a> (Charg\u00e9e de la transition \u00e9cologique \u00e0 l\u2019Institut d&rsquo;Etudes Politiques de Saint-Germain-en-Laye).<\/p>\n<\/div>\n<\/div>\n\n\n\n<div class=\"wp-block-columns\">\n<div class=\"wp-block-column\" style=\"flex-basis:33.33%\">\n<figure class=\"wp-block-image size-large\"><img loading=\"lazy\" width=\"750\" height=\"155\" src=\"http:\/\/olivierbrunner.org\/wp-content\/uploads\/2021\/03\/UGE.png\" alt=\"\" class=\"wp-image-196\" srcset=\"https:\/\/olivierbrunner.org\/wp-content\/uploads\/2021\/03\/UGE.png 750w, https:\/\/olivierbrunner.org\/wp-content\/uploads\/2021\/03\/UGE-300x62.png 300w\" sizes=\"(max-width: 750px) 100vw, 750px\" \/><figcaption>Fusion de l&rsquo;Universit\u00e9 Paris-Est Marne-la-Vall\u00e9e et de l&rsquo;IFSTTAR<\/figcaption><\/figure>\n<\/div>\n\n\n\n<div class=\"wp-block-column\" style=\"flex-basis:66.66%\">\n<p><span style=\"text-decoration: underline;\">Animateur, formateur et conf\u00e9rencier sur les enjeux \u00e9nergie-climat pour l&rsquo;Universit\u00e9 Gustave Eiffel<\/span><\/p>\n\n\n\n<p><em>\u00ab\u00a0Olivier est toujours motiv\u00e9, enthousiaste et \u00e0 la recherche de nouveaux projets permettant de sensibiliser davantage \u00e0 l&rsquo;urgence climatique. C&rsquo;est gr\u00e2ce \u00e0 lui que nous avons pu organiser la Rentr\u00e9e Climat de l&rsquo;ENSG. Il a ensuite facilit\u00e9 le d\u00e9ploiement de ce processus en formant certains enseignants. Il m&rsquo;a \u00e9galement fait conna\u00eetre l&rsquo;atelier 2tonnes, qui permet de se projeter en 2050 et d&rsquo;identifier si nous arrivons \u00e0 atteindre ces fameux 2T d&rsquo;eqCO2 ! Atelier tr\u00e8s compl\u00e9mentaire \u00e0 celui de la Fresque du Climat. En un mot : MERCI !\u00a0\u00bb<\/em> &#8211; <a rel=\"noreferrer noopener\" href=\"https:\/\/www.linkedin.com\/in\/cl%C3%A9mence-garnier-a0809321\/\" target=\"_blank\">Cl\u00e9mence Garnier<\/a> (Responsable D\u00e9veloppement Durable et Responsabilit\u00e9 Soci\u00e9tale chez Universit\u00e9 Gustave Eiffel).<\/p>\n<\/div>\n<\/div>\n\n\n\n<div class=\"wp-block-columns\">\n<div class=\"wp-block-column\" style=\"flex-basis:33.33%\">\n<figure class=\"wp-block-image size-large\"><img loading=\"lazy\" width=\"887\" height=\"468\" src=\"http:\/\/olivierbrunner.org\/wp-content\/uploads\/2021\/03\/ESPR.jpg\" alt=\"\" class=\"wp-image-200\" srcset=\"https:\/\/olivierbrunner.org\/wp-content\/uploads\/2021\/03\/ESPR.jpg 887w, https:\/\/olivierbrunner.org\/wp-content\/uploads\/2021\/03\/ESPR-300x158.jpg 300w, https:\/\/olivierbrunner.org\/wp-content\/uploads\/2021\/03\/ESPR-768x405.jpg 768w\" sizes=\"(max-width: 887px) 100vw, 887px\" \/><figcaption>Association Esp&rsquo;R HEC Paris<\/figcaption><\/figure>\n<\/div>\n\n\n\n<div class=\"wp-block-column\" style=\"flex-basis:66.66%\">\n<p><span style=\"text-decoration: underline;\">Animateur 2tonnes pour l&rsquo;association \u00e9tudiante Esp&rsquo;R HEC Paris<\/span><\/p>\n\n\n\n<p><em>\u00ab\u00a0Participer \u00e0 l&rsquo;atelier 2 tonnes a \u00e9t\u00e9 un moment g\u00e9nial pour les membres de l&rsquo;association. Il est la parfaite r\u00e9ponse \u00e0 la question qu&rsquo;on peut se poser apr\u00e8s la fresque du climat : bon, on fait quoi maintenant? D&rsquo;une mani\u00e8re stimulante et amusante, on prend conscience de l&rsquo;ampleur de la t\u00e2che \u00e0 accomplir et de l&rsquo;imp\u00e9ratif d&rsquo;agir vite et fort. Merci \u00e0 Olivier qui su rendre cette session passionnante et m\u00e9morable !\u00a0\u00bb<\/em> &#8211; <a rel=\"noreferrer noopener\" href=\"https:\/\/www.linkedin.com\/in\/louis-fidel-229623191\/\" target=\"_blank\">Louis Fidel<\/a> (Pr\u00e9sident Esp&rsquo;R HEC Paris).<\/p>\n<\/div>\n<\/div>\n\n\n\n<div class=\"wp-block-columns\">\n<div class=\"wp-block-column\" style=\"flex-basis:33.33%\">\n<figure class=\"wp-block-image size-large\"><img loading=\"lazy\" width=\"1024\" height=\"320\" src=\"http:\/\/olivierbrunner.org\/wp-content\/uploads\/2021\/03\/1024px-Logo_mutex_baseline.svg_.png\" alt=\"\" class=\"wp-image-213\" srcset=\"https:\/\/olivierbrunner.org\/wp-content\/uploads\/2021\/03\/1024px-Logo_mutex_baseline.svg_.png 1024w, https:\/\/olivierbrunner.org\/wp-content\/uploads\/2021\/03\/1024px-Logo_mutex_baseline.svg_-300x94.png 300w, https:\/\/olivierbrunner.org\/wp-content\/uploads\/2021\/03\/1024px-Logo_mutex_baseline.svg_-768x240.png 768w\" sizes=\"(max-width: 1024px) 100vw, 1024px\" \/><figcaption>Assurance pr\u00e9voyance et \u00e9pargne retraite, groupe VyV<\/figcaption><\/figure>\n<\/div>\n\n\n\n<div class=\"wp-block-column\" style=\"flex-basis:66.66%\">\n<p><span style=\"text-decoration: underline;\">Animateur Fresque du Climat aupr\u00e8s du COMEX de Mutex<\/span> <\/p>\n\n\n\n<p><em>\u00ab\u00a0Dans le cadre de l\u2019engagement social, soci\u00e9tal et environnemental de Mutex (assurance pr\u00e9voyance et \u00e9pargne retraite, groupe VyV), Olivier a anim\u00e9 une fresque du climat. L\u2019\u00e9coute active d\u2019Olivier, sa grande comp\u00e9tence et son approche respectueuse des sensibilit\u00e9s de chacun ont jou\u00e9 un r\u00f4le d\u00e9terminant dans la r\u00e9ussite de cette matin\u00e9e. Les \u00ab fresqueurs \u00bb Mutex sont ressortis interpell\u00e9s et motiv\u00e9s pour agir. Assur\u00e9ment un grand moment qui marquera un jalon important pour l\u2019entreprise. Merci \u00e0 toi Olivier !\u00a0\u00bb<\/em> &#8211; <a href=\"https:\/\/www.linkedin.com\/in\/dominiquebossard\" target=\"_blank\" rel=\"noreferrer noopener\">Dominique Bossard<\/a> (Directeur des Syst\u00e8mes d&rsquo;Information Mutex).<\/p>\n<\/div>\n<\/div>\n\n\n\n<div class=\"wp-block-columns\">\n<div class=\"wp-block-column\" style=\"flex-basis:33.33%\">\n<figure class=\"wp-block-image size-large\"><img loading=\"lazy\" width=\"1024\" height=\"306\" src=\"http:\/\/olivierbrunner.org\/wp-content\/uploads\/2021\/06\/ufr-1024x306.png\" alt=\"\" class=\"wp-image-224\" srcset=\"https:\/\/olivierbrunner.org\/wp-content\/uploads\/2021\/06\/ufr-1024x306.png 1024w, https:\/\/olivierbrunner.org\/wp-content\/uploads\/2021\/06\/ufr-300x90.png 300w, https:\/\/olivierbrunner.org\/wp-content\/uploads\/2021\/06\/ufr-768x229.png 768w, https:\/\/olivierbrunner.org\/wp-content\/uploads\/2021\/06\/ufr-1536x459.png 1536w, https:\/\/olivierbrunner.org\/wp-content\/uploads\/2021\/06\/ufr-2048x612.png 2048w\" sizes=\"(max-width: 1024px) 100vw, 1024px\" \/><\/figure>\n<\/div>\n\n\n\n<div class=\"wp-block-column\" style=\"flex-basis:66.66%\">\n<p><span style=\"text-decoration: underline;\">Conf\u00e9rencier pour le cycle Conf\u00e9rences M\u00e9tiers, Master 1 Commerce International Trilingue, Universit\u00e9 Gustave Eiffel<\/span><\/p>\n\n\n\n<p><em>\u00ab\u00a0Olivier est intervenu dans le cycle de Conf\u00e9rences M\u00e9tiers aupr\u00e8s de Master 1 qui ont suivi des cours et pr\u00e9sent\u00e9 des travaux ayant \u00e0 la fois pour socle et comme objectif les <strong>17 ODD<\/strong>. <strong>Tr\u00e8s comp\u00e9tent, modeste, dynamique et \u00e0 l&rsquo;\u00e9coute<\/strong>, Olivier a apport\u00e9 un t\u00e9moignage de parcours professionnel et citoyen qui int\u00e8gre dans le concret les options d\u00e9sormais vitales pour faire face aux urgences climatiques. <strong>Interactive, sa pr\u00e9sentation a f\u00e9d\u00e9r\u00e9 le public<\/strong> et la synth\u00e8se de retour des \u00e9tudiants a montr\u00e9 que l&rsquo;<strong>enthousiasme <\/strong>avait touch\u00e9 les participants : la responsabilit\u00e9 sociale et soci\u00e9tale, l&rsquo;\u00e9thique de tout un chacun et le passage \u00e0 l&rsquo;action \u00e9taient des \u00e9l\u00e9ments \u00e0 int\u00e9grer pour passer \u00e0 l&rsquo;action sans tarder et <strong>faire face \u00e0 l&rsquo;urgence climatique<\/strong>, en tant que citoyens et futurs professionnels. D\u00e9veloppement durable et \u00e9conomie sont le nouveau bin\u00f4me de notre avenir. Un grand merci \u00e0 Olivier qui a contribu\u00e9 grandement \u00e0 la sensibilisation de tous\u00a0\u00bb<\/em> &#8211; <a href=\"https:\/\/www.linkedin.com\/in\/laur%C3%A8ne-sanchez-668b19bb\/\" data-type=\"URL\" data-id=\"https:\/\/www.linkedin.com\/in\/laur%C3%A8ne-sanchez-668b19bb\/\">Laur\u00e8ne Sanchez<\/a> (Responsable Professionnalisation Master Commerce International Trilingue, Co-Coordinatrice Axe 2 Enseignement et Formation, DD&amp;RS Universit\u00e9 Gustave Eiffel)<\/p>\n<\/div>\n<\/div>\n\n\n\n<p><\/p>\n","protected":false},"excerpt":{"rendered":"<p>Coordinateur Rentr\u00e9e Climat pour 120 \u00e9tudiants de l&rsquo;Institut d&rsquo;Etudes Politiques Sciences Po Saint-Germain-en-Laye \u00ab\u00a0Un grand merci \u00e0 toi Olivier et f\u00e9licitations pour avoir parfaitement organis\u00e9 et mis en musique cette grande Fresque du Climat. Tu as su mobiliser une tr\u00e8s belle \u00e9quipe d&rsquo;animateurs et coordonner \u00e0 la perfection le travail de chacun. Tout s&rsquo;est parfaitement&hellip;&nbsp;<a href=\"https:\/\/olivierbrunner.org\/index.php\/temoignages\/\" rel=\"bookmark\">Lire la suite &raquo;<span class=\"screen-reader-text\">T\u00e9moignages<\/span><\/a><\/p>\n","protected":false},"author":1,"featured_media":0,"parent":0,"menu_order":0,"comment_status":"closed","ping_status":"closed","template":"","meta":{"neve_meta_sidebar":"full-width","neve_meta_container":"","neve_meta_enable_content_width":"on","neve_meta_content_width":100,"neve_meta_title_alignment":"","neve_meta_author_avatar":"","neve_post_elements_order":"","neve_meta_disable_header":"","neve_meta_disable_footer":"","neve_meta_disable_title":""},"_links":{"self":[{"href":"https:\/\/olivierbrunner.org\/index.php\/wp-json\/wp\/v2\/pages\/204"}],"collection":[{"href":"https:\/\/olivierbrunner.org\/index.php\/wp-json\/wp\/v2\/pages"}],"about":[{"href":"https:\/\/olivierbrunner.org\/index.php\/wp-json\/wp\/v2\/types\/page"}],"author":[{"embeddable":true,"href":"https:\/\/olivierbrunner.org\/index.php\/wp-json\/wp\/v2\/users\/1"}],"replies":[{"embeddable":true,"href":"https:\/\/olivierbrunner.org\/index.php\/wp-json\/wp\/v2\/comments?post=204"}],"version-history":[{"count":7,"href":"https:\/\/olivierbrunner.org\/index.php\/wp-json\/wp\/v2\/pages\/204\/revisions"}],"predecessor-version":[{"id":226,"href":"https:\/\/olivierbrunner.org\/index.php\/wp-json\/wp\/v2\/pages\/204\/revisions\/226"}],"wp:attachment":[{"href":"https:\/\/olivierbrunner.org\/index.php\/wp-json\/wp\/v2\/media?parent=204"}],"curies":[{"name":"wp","href":"https:\/\/api.w.org\/{rel}","templated":true}]}}